{"id":3582,"date":"2025-04-03T14:53:48","date_gmt":"2025-04-03T12:53:48","guid":{"rendered":"https:\/\/www.fierbois.com\/faq\/"},"modified":"2026-03-04T10:49:03","modified_gmt":"2026-03-04T09:49:03","slug":"faq","status":"publish","type":"page","link":"https:\/\/www.fierbois.com\/de\/faq\/","title":{"rendered":"FAQ"},"content":{"rendered":"<h1 class=\"wording\" style=\"text-align: center;color: var(--vert);\">H\u00e4ufig gestellte Fragen<\/h1>\n\n\r\n    <section class=\"faq\">\r\n      \r\n\t    <div class=\"faq__searchbar\">\r\n            <input type=\"text\" autocomplete=\"off\" placeholder=\"Nach einer Frage suchen...\" id=\"searchBar\">\r\n            <span class=\"faq__searchbar__reset\"><svg xmlns=\"http:\/\/www.w3.org\/2000\/svg\" viewBox=\"0 0 512 512\"><path d=\"M256 512A256 256 0 1 0 256 0a256 256 0 1 0 0 512zM175 175c9.4-9.4 24.6-9.4 33.9 0l47 47 47-47c9.4-9.4 24.6-9.4 33.9 0s9.4 24.6 0 33.9l-47 47 47 47c9.4 9.4 9.4 24.6 0 33.9s-24.6 9.4-33.9 0l-47-47-47 47c-9.4 9.4-24.6 9.4-33.9 0s-9.4-24.6 0-33.9l47-47-47-47c-9.4-9.4-9.4-24.6 0-33.9z\"\/><\/svg><\/span>\r\n        <\/div>\r\n\r\n        <div class=\"faq__filtres\">\r\n            <div class=\"faq__filtres__item\">\r\n                <input type=\"radio\" id=\"tout\" name=\"filtres-faq\" checked\/>\r\n                <label for=\"tout\">Alle<\/label>\r\n            <\/div>\r\n\r\n             \r\n                <div class=\"faq__filtres__item\">\r\n                    <input type=\"radio\" id=\"ankunfte-und-abreisen\" name=\"filtres-faq\"\/>\r\n                    <label for=\"ankunfte-und-abreisen\">Ank\u00fcnfte und Abreisen<\/label>\r\n                <\/div>\r\n             \r\n                <div class=\"faq__filtres__item\">\r\n                    <input type=\"radio\" id=\"meine-unterkunft-mein-stellplatz\" name=\"filtres-faq\"\/>\r\n                    <label for=\"meine-unterkunft-mein-stellplatz\">Meine Unterkunft \/ mein Stellplatz<\/label>\r\n                <\/div>\r\n             \r\n                <div class=\"faq__filtres__item\">\r\n                    <input type=\"radio\" id=\"verschiedene-fragen\" name=\"filtres-faq\"\/>\r\n                    <label for=\"verschiedene-fragen\">Verschiedene Fragen<\/label>\r\n                <\/div>\r\n             \r\n                <div class=\"faq__filtres__item\">\r\n                    <input type=\"radio\" id=\"reservierung\" name=\"filtres-faq\"\/>\r\n                    <label for=\"reservierung\">Reservierung<\/label>\r\n                <\/div>\r\n             \r\n                <div class=\"faq__filtres__item\">\r\n                    <input type=\"radio\" id=\"lage\" name=\"filtres-faq\"\/>\r\n                    <label for=\"lage\">Lage<\/label>\r\n                <\/div>\r\n                    <\/div>\r\n\r\n        \r\n\r\n                <div class=\"faq__item\" data-cat=\"ankunfte-und-abreisen\" data-track=\"question-ich-habe-eine-unterkunft-gebucht\">\r\n                    <div class=\"faq__item__question\">\r\n                        <p>Ich habe eine Unterkunft gebucht<\/p>\n                    <\/div>\r\n\r\n                    <div class=\"faq__item__reponse\">\r\n                        <ul>\n<li>Die Schl\u00fcssel\u00fcbergabe erfolgt ab 17.00 Uhr, die Abreise zwischen 7.00 und 10.00 Uhr;<\/li>\n<li><strong>Der Check-in an der Rezeption kann ab 14.00 Uhr erfolgen.<\/strong>  Sie k\u00f6nnen unsere verschiedenen Bereiche und Dienstleistungen nutzen, w\u00e4hrend Sie darauf warten, dass Ihr Mietobjekt verf\u00fcgbar ist;<\/li>\n<li>Bei der Ankunft wird eine Kaution von \u20ac250 verlangt (Kreditkartenabdruck).<\/li>\n<\/ul>\n                    <\/div>\r\n                <\/div>\r\n\r\n            \r\n\r\n                <div class=\"faq__item\" data-cat=\"ankunfte-und-abreisen\" data-track=\"question-ich-habe-einen-campingplatz-gebucht\">\r\n                    <div class=\"faq__item__question\">\r\n                        <p>Ich habe einen Campingplatz gebucht<\/p>\n                    <\/div>\r\n\r\n                    <div class=\"faq__item__reponse\">\r\n                        <p>Ihre Anreise ist ab 14.00 Uhr m\u00f6glich, die Abreise bis 12.00 Uhr.<\/p>\n                    <\/div>\r\n                <\/div>\r\n\r\n            \r\n\r\n                <div class=\"faq__item\" data-cat=\"ankunfte-und-abreisen\" data-track=\"question-ich-habe-ein-baumhaus-gebucht\">\r\n                    <div class=\"faq__item__question\">\r\n                        <p>Ich habe ein Baumhaus gebucht.<\/p>\n                    <\/div>\r\n\r\n                    <div class=\"faq__item__reponse\">\r\n                        <p>Ihre Anreise ist ab 16.00 Uhr m\u00f6glich, die Abreise bis 11.00 Uhr.<\/p>\n                    <\/div>\r\n                <\/div>\r\n\r\n            \r\n\r\n                <div class=\"faq__item\" data-cat=\"ankunfte-und-abreisen\" data-track=\"question-bis-zu-welcher-uhrzeit-kann-ich-anreisen\">\r\n                    <div class=\"faq__item__question\">\r\n                        <p>Bis zu welcher Uhrzeit kann ich anreisen?<\/p>\n                    <\/div>\r\n\r\n                    <div class=\"faq__item__reponse\">\r\n                        <ul>\n<li>Die Rezeption ist w\u00e4hrend der gesamten Saison bis 21.00 Uhr ge\u00f6ffnet. Wenn Sie nach 21.00 Uhr ankommen, bitten wir Sie, uns telefonisch zu kontaktieren. Wir werden Sie dann \u00fcber die Einzelheiten der Schl\u00fcssel\u00fcbergabe oder den Standort Ihres Stellplatzes informieren.  <\/li>\n<li>Die Zufahrt zu unseren Stellpl\u00e4tzen\/Unterk\u00fcnften ist nach 23.00 Uhr nicht mehr mit dem Auto m\u00f6glich.<\/li>\n<\/ul>\n                    <\/div>\r\n                <\/div>\r\n\r\n            \r\n\r\n                <div class=\"faq__item\" data-cat=\"meine-unterkunft-mein-stellplatz\" data-track=\"question-sind-bettwasche-und-decken-in-den-mietobjekten-enthalten\">\r\n                    <div class=\"faq__item__question\">\r\n                        <p>Sind Bettw\u00e4sche und Decken in den Mietobjekten enthalten?<\/p>\n                    <\/div>\r\n\r\n                    <div class=\"faq__item__reponse\">\r\n                        <ul>\n<li>Alle unsere Unterk\u00fcnfte verf\u00fcgen \u00fcber Einwegkissen, Bettdecken und Matratzenschoner.<\/li>\n<li>In den Chalets Premium, Mobilheimen Premium und Mobilheimen Avantage sind Bettw\u00e4sche und Handt\u00fccher inbegriffen.<\/li>\n<li>In allen anderen Unterk\u00fcnften m\u00fcssen Sie Ihre eigene Bettw\u00e4sche und Handt\u00fccher mitbringen oder gegen Aufpreis buchen (Bettw\u00e4sche-Set: \u20ac16\/Bett, 2 Handt\u00fccher 1 gro\u00dfes + 1 kleines: \u20ac10).<\/li>\n<li>Achtung: Bitte beachten Sie, dass wir den Service des Bettenmachens nicht mehr anbieten.<\/li>\n<\/ul>\n                    <\/div>\r\n                <\/div>\r\n\r\n            \r\n\r\n                <div class=\"faq__item\" data-cat=\"meine-unterkunft-mein-stellplatz\" data-track=\"question-sind-bettwasche-und-decken-in-den-baumhausern-inbegriffen\">\r\n                    <div class=\"faq__item__question\">\r\n                        <p>Sind Bettw\u00e4sche und Decken in den Baumh\u00e4usern inbegriffen?<\/p>\n                    <\/div>\r\n\r\n                    <div class=\"faq__item__reponse\">\r\n                        <ul>\n<li>Alle unsere H\u00fctten sind mit Einwegkissen, Decken und Matratzenschonern ausgestattet.<\/li>\n<li>Sie m\u00fcssen Ihre eigene Bettw\u00e4sche und Handt\u00fccher mitbringen oder gegen Aufpreis buchen (Bettw\u00e4schepaket: \u20ac16\/Bett, 2 Handt\u00fccher: 1 gro\u00dfes + 1 kleines: \u20ac10).<\/li>\n<\/ul>\n                    <\/div>\r\n                <\/div>\r\n\r\n            \r\n\r\n                <div class=\"faq__item\" data-cat=\"meine-unterkunft-mein-stellplatz\" data-track=\"question-haben-alle-unterkunfte-eine-heizung\">\r\n                    <div class=\"faq__item__question\">\r\n                        <p>Haben alle Unterk\u00fcnfte eine Heizung?<\/p>\n                    <\/div>\r\n\r\n                    <div class=\"faq__item__reponse\">\r\n                        <p>Alle unsere Unterk\u00fcnfte sind mit einer elektrischen Heizung im Wohnzimmer ausgestattet, mit Ausnahme der Baumh\u00e4user.<\/p>\n                    <\/div>\r\n                <\/div>\r\n\r\n            \r\n\r\n                <div class=\"faq__item\" data-cat=\"meine-unterkunft-mein-stellplatz\" data-track=\"question-kann-ich-zwei-nebeneinander-liegende-platze-buchen\">\r\n                    <div class=\"faq__item__question\">\r\n                        <p>Kann ich zwei nebeneinander liegende Pl\u00e4tze buchen?<\/p>\n                    <\/div>\r\n\r\n                    <div class=\"faq__item__reponse\">\r\n                        <p>Ja, je nach Verf\u00fcgbarkeit und Wahl der Unterkunft. Bitte geben Sie dies bei Ihrer Reservierung per Telefon unter 02.47.65.43.35 oder im Reservierungsformular im Internet unter &#8222;Anmerkungen zum Aufenthalt&#8220; an. Es wird ein Zuschlag von 30\u20ac pro Mietobjekt oder Stellplatz berechnet.  <\/p>\n                    <\/div>\r\n                <\/div>\r\n\r\n            \r\n\r\n                <div class=\"faq__item\" data-cat=\"meine-unterkunft-mein-stellplatz\" data-track=\"question-kann-ich-die-nummer-meiner-unterkunft-oder-meines-stellplatzes-wahlen\">\r\n                    <div class=\"faq__item__question\">\r\n                        <p>Kann ich die Nummer meiner Unterkunft oder meines Stellplatzes w\u00e4hlen?<\/p>\n                    <\/div>\r\n\r\n                    <div class=\"faq__item__reponse\">\r\n                        <p>Ja, je nach Verf\u00fcgbarkeit und Wahl der Unterkunft. Bitte geben Sie dies bei Ihrer Reservierung per Telefon unter 02.47.65.43.35 oder im Reservierungsformular im Internet unter &#8222;Anmerkungen zum Aufenthalt&#8220; an. Es wird ein Zuschlag von 30\u20ac pro Mietobjekt oder Stellplatz berechnet.  <\/p>\n                    <\/div>\r\n                <\/div>\r\n\r\n            \r\n\r\n                <div class=\"faq__item\" data-cat=\"meine-unterkunft-mein-stellplatz\" data-track=\"question-kann-ich-einen-kuhlschrank-mieten\">\r\n                    <div class=\"faq__item__question\">\r\n                        <p>Kann ich einen K\u00fchlschrank mieten?<\/p>\n                    <\/div>\r\n\r\n                    <div class=\"faq__item__reponse\">\r\n                        <ul>\n<li>Alle unsere Unterk\u00fcnfte, mit Ausnahme der H\u00fctten, sind mit einem K\u00fchlschrank ausgestattet.<\/li>\n<li>Die Stellpl\u00e4tze Castels Suite Sanitaire Privatif und Castels premium sind auch mit K\u00fchlschr\u00e4nken ausgestattet.<\/li>\n<li>In allen anderen F\u00e4llen (H\u00fctten und Komfortstellpl\u00e4tze) k\u00f6nnen Sie 42L K\u00fchlf\u00e4cher mieten (in Sanit\u00e4r 1), Schl\u00fcssel an der Rezeption erh\u00e4ltlich, Reservierung empfohlen (7\u20ac\/Tag, Kaution 20\u20ac).<\/li>\n<\/ul>\n                    <\/div>\r\n                <\/div>\r\n\r\n            \r\n\r\n                <div class=\"faq__item\" data-cat=\"verschiedene-fragen\" data-track=\"question-sind-haustiere-erlaubt\">\r\n                    <div class=\"faq__item__question\">\r\n                        <p>Sind Haustiere erlaubt?<\/p>\n                    <\/div>\r\n\r\n                    <div class=\"faq__item__reponse\">\r\n                        <p>Bei uns sind Sie und Ihre vierbeinigen Freunde immer willkommen,<strong>allerdings mit Ausnahme von Hunden der 1\u02b3\u1d49 und 2\u1d49 Kategorie<\/strong>, wenn Sie einige Regeln des gesunden Menschenverstandes beachten.<\/p>\n<p>Wir bitten Sie, uns vor der Buchung den aktuellen <strong>Impfpass <\/strong>Ihres Tieres zukommen zu lassen und sich zu verpflichten, Ihr Tier gegen Parasiten (Fl\u00f6he, Zecken, etc.) zu behandeln.<\/p>\n<p>Wir bitten Sie um eine Kopie des Identifikationszertifikats, damit wir es Ihnen bei Verlust zur\u00fcckgeben<strong>k\u00f6nnen<\/strong>.<\/p>\n<p>Wir berechnen einen <strong>Aufpreis von \u20ac 7 pro Tag<\/strong>, wenn Sie <strong>einen Hund oder eine Katze<\/strong> in einer unserer Unterk\u00fcnfte unterbringen und Ihr Tier dort nicht alleine lassen. <strong>Auf unseren Campingpl\u00e4tzen<\/strong> ist die Unterbringung von Haustieren <strong>kostenlos<\/strong>. <\/p>\n<p>Aus hygienischen Gr\u00fcnden d\u00fcrfen Haustiere <strong>nicht in den Poolbereich<\/strong> mitgenommen werden. Am Strand sind Haustiere an der Leine erlaubt, vorausgesetzt, die Besitzer beseitigen die Hinterlassenschaften, so dass niemand versehentlich den Strand betritt!<\/p>\n<p>Im Allgemeinen <strong>sind Hunde im gesamten Park<\/strong> (einschlie\u00dflich des Restaurants und der Bar) <strong>willkommen,<\/strong> wenn sie an der Leine gehalten werden.<\/p>\n<p>Wenn Sie im Wald in sicherer Entfernung von anderen G\u00e4sten spazieren gehen, k\u00f6nnen Sie <strong>Ihr Tier frei laufen lassen<\/strong>, wenn dies mit seiner Sicherheit vereinbar ist.<\/p>\n                    <\/div>\r\n                <\/div>\r\n\r\n            \r\n\r\n                <div class=\"faq__item\" data-cat=\"verschiedene-fragen\" data-track=\"question-sind-shorts-und-unterhosen-im-pool-erlaubt\">\r\n                    <div class=\"faq__item__question\">\r\n                        <p>Sind Shorts und Unterhosen im Pool erlaubt?<\/p>\n                    <\/div>\r\n\r\n                    <div class=\"faq__item__reponse\">\r\n                        <div id=\"ui-id-24\" class=\"wp-block-getwid-accordion__content-wrapper ui-accordion-content ui-helper-reset ui-widget-content ui-corner-bottom ui-accordion-content-active\" role=\"tabpanel\" aria-labelledby=\"ui-id-23\" aria-hidden=\"false\">\n<div class=\"wp-block-getwid-accordion__content\">\n<p>In den Schwimmb\u00e4dern wird das Tragen eines Badeanzugs empfohlen.<\/p>\n<\/div>\n<\/div>\n<p>&nbsp;<\/p>\n                    <\/div>\r\n                <\/div>\r\n\r\n            \r\n\r\n                <div class=\"faq__item\" data-cat=\"verschiedene-fragen\" data-track=\"question-sind-grills-erlaubt-wenn-ja-welcher-typ-gas-elektrisch-kohle\">\r\n                    <div class=\"faq__item__question\">\r\n                        <p>Sind Grills erlaubt? Wenn ja, welcher Typ? Gas, elektrisch, Kohle?  <\/p>\n                    <\/div>\r\n\r\n                    <div class=\"faq__item__reponse\">\r\n                        <ul>\n<li>Ja, Grills (Holzkohle- oder Gasgrills) sind erlaubt, au\u00dfer wenn die Brandgefahr zu gro\u00df ist (die Gefahr wird durch einen Erlass des Pr\u00e4fekten definiert).<\/li>\n<li>Individuelle Holzkohlegrills sind in der Miete der Premium Chalets, Premium Mobilheime und Ferienh\u00e4user enthalten (Kohle nicht inbegriffen).<\/li>\n<li>Die kanadischen Lodges verf\u00fcgen \u00fcber einen gemeinsamen Holzkohlegrill.<\/li>\n<li>In allen anderen Unterk\u00fcnften k\u00f6nnen Sie Kohlegrills mieten (Kohle nicht inbegriffen) &#8211; (\u20ac 7 pro Tag).<\/li>\n<\/ul>\n                    <\/div>\r\n                <\/div>\r\n\r\n            \r\n\r\n                <div class=\"faq__item\" data-cat=\"verschiedene-fragen\" data-track=\"question-gibt-es-internetzugang-oder-wifi-auf-dem-campingplatz\">\r\n                    <div class=\"faq__item__question\">\r\n                        <p>Gibt es Internetzugang oder Wifi auf dem Campingplatz?<\/p>\n                    <\/div>\r\n\r\n                    <div class=\"faq__item__reponse\">\r\n                        <p>Auf dem gesamten Campingplatz steht Ihnen ein kostenloser WLAN-Zugang zur Verf\u00fcgung.<\/p>\n                    <\/div>\r\n                <\/div>\r\n\r\n            \r\n\r\n                <div class=\"faq__item\" data-cat=\"verschiedene-fragen\" data-track=\"question-sind-minderjahrige-erlaubt\">\r\n                    <div class=\"faq__item__question\">\r\n                        <p>Sind Minderj\u00e4hrige erlaubt?<\/p>\n                    <\/div>\r\n\r\n                    <div class=\"faq__item__reponse\">\r\n                        <div id=\"ui-id-30\" class=\"wp-block-getwid-accordion__content-wrapper ui-accordion-content ui-helper-reset ui-widget-content ui-corner-bottom ui-accordion-content-active\" role=\"tabpanel\" aria-labelledby=\"ui-id-29\" aria-hidden=\"false\">\n<div class=\"wp-block-getwid-accordion__content\">\n<p>Minderj\u00e4hrige m\u00fcssen von ihren Eltern oder Erziehungsberechtigten begleitet werden.<\/p>\n<\/div>\n<\/div>\n<p>&nbsp;<\/p>\n                    <\/div>\r\n                <\/div>\r\n\r\n            \r\n\r\n                <div class=\"faq__item\" data-cat=\"verschiedene-fragen\" data-track=\"question-sind-sie-vacaf-zertifiziert\">\r\n                    <div class=\"faq__item__question\">\r\n                        <p>Sind Sie VACAF-zertifiziert?<\/p>\n                    <\/div>\r\n\r\n                    <div class=\"faq__item__reponse\">\r\n                        <p>Nein, wir sind nicht VACAF-zertifiziert.<\/p>\n                    <\/div>\r\n                <\/div>\r\n\r\n            \r\n\r\n                <div class=\"faq__item\" data-cat=\"verschiedene-fragen\" data-track=\"question-akzeptieren-sie-ancv-feriengutscheine\">\r\n                    <div class=\"faq__item__question\">\r\n                        <p>Akzeptieren Sie ANCV-Feriengutscheine?<\/p>\n                    <\/div>\r\n\r\n                    <div class=\"faq__item__reponse\">\r\n                        <ul>\n<li>Ja, ANCV- und ANCV Connect-Ferienschecks werden akzeptiert. Sie k\u00f6nnen sie an die folgende Adresse schicken: <\/li>\n<li>Castel Parc de Fierbois<\/li>\n<li>Reservierungsservice<\/li>\n<li>37800 Sainte-Catherine de Fierbois<\/li>\n<\/ul>\n                    <\/div>\r\n                <\/div>\r\n\r\n            \r\n\r\n                <div class=\"faq__item\" data-cat=\"verschiedene-fragen\" data-track=\"question-haben-sie-besondere-bedurfnisse-aufgrund-einer-behinderung-oder-eingeschrankter-mobilitat\">\r\n                    <div class=\"faq__item__question\">\r\n                        <p>Haben Sie besondere Bed\u00fcrfnisse aufgrund einer Behinderung oder eingeschr\u00e4nkter Mobilit\u00e4t?<\/p>\n                    <\/div>\r\n\r\n                    <div class=\"faq__item__reponse\">\r\n                        <p data-start=\"551\" data-end=\"868\">Unabh\u00e4ngig von Ihrer Behinderung sind Sie bei uns herzlich willkommen. Die meisten unserer Dienstleistungen sind f\u00fcr Personen mit eingeschr\u00e4nkter Mobilit\u00e4t zug\u00e4nglich. Wir verf\u00fcgen \u00fcber ein barrierefreies Mobilheim. Gerne planen wir gemeinsam mit Ihnen spezielle Aktivit\u00e4ten, die auf Ihre Situation abgestimmt sind.<\/p>\n<p data-start=\"870\" data-end=\"993\">Kurz gesagt: Z\u00f6gern Sie nicht, uns Ihre Bed\u00fcrfnisse mitzuteilen, damit wir Ihren Aufenthalt bestm\u00f6glich vorbereiten k\u00f6nnen.<\/p>\n                    <\/div>\r\n                <\/div>\r\n\r\n            \r\n\r\n                <div class=\"faq__item\" data-cat=\"verschiedene-fragen\" data-track=\"question-benotigen-sie-einen-gepackwagen-fur-den-transport-ihres-gepacks-in-der-fussgangerzone\">\r\n                    <div class=\"faq__item__question\">\r\n                        <p>Ben\u00f6tigen Sie einen Gep\u00e4ckwagen f\u00fcr den Transport Ihres Gep\u00e4cks in der Fu\u00dfg\u00e4ngerzone?<\/p>\n                    <\/div>\r\n\r\n                    <div class=\"faq__item__reponse\">\r\n                        <p>Wir leihen Ihnen Transportwagen, damit Sie Ihr Gep\u00e4ck in die Fu\u00dfg\u00e4ngerzone bringen k\u00f6nnen.<\/p>\n                    <\/div>\r\n                <\/div>\r\n\r\n            \r\n\r\n                <div class=\"faq__item\" data-cat=\"reservierung\" data-track=\"question-wie-kann-ich-einen-aufenthalt-buchen\">\r\n                    <div class=\"faq__item__question\">\r\n                        <p>Wie kann ich einen Aufenthalt buchen?<\/p>\n                    <\/div>\r\n\r\n                    <div class=\"faq__item__reponse\">\r\n                        <ul>\n<li><strong>Per Internet:<\/strong> W\u00e4hlen Sie Ihre Unterkunft und Ihre Aufenthaltsdaten und leisten Sie die sichere Anzahlung per Kreditkarte oder Bankscheck.<\/li>\n<li><strong>Telefonisch<\/strong> unter 02.47.65.43.35, vergessen Sie nicht, Ihre Kreditkarte mitzubringen, eine Anzahlung wird verlangt.<\/li>\n<\/ul>\n                    <\/div>\r\n                <\/div>\r\n\r\n            \r\n\r\n                <div class=\"faq__item\" data-cat=\"reservierung\" data-track=\"question-wann-und-wie-muss-ich-den-restbetrag-fur-den-aufenthalt-bezahlen\">\r\n                    <div class=\"faq__item__question\">\r\n                        <p>Wann und wie muss ich den Restbetrag f\u00fcr den Aufenthalt bezahlen?<\/p>\n                    <\/div>\r\n\r\n                    <div class=\"faq__item__reponse\">\r\n                        <ul>\n<li>Der Betrag muss sp\u00e4testens 30 Tage vor dem Ankunftsdatum bezahlt werden und wird nicht automatisch abgebucht.<\/li>\n<li>Wenn Sie Ihre Buchung online vorgenommen haben, werden Sie eine E-Mail erhalten, in der Sie aufgefordert werden, den Restbetrag online zu bezahlen.<\/li>\n<li>Wenn Sie nicht online gebucht haben, m\u00fcssen Sie uns einen Scheck schicken oder uns Ihre Kreditkartennummer telefonisch mitteilen.<\/li>\n<\/ul>\n                    <\/div>\r\n                <\/div>\r\n\r\n            \r\n\r\n                <div class=\"faq__item\" data-cat=\"reservierung\" data-track=\"question-akzeptierte-zahlungsmethoden\">\r\n                    <div class=\"faq__item__question\">\r\n                        <p>Akzeptierte Zahlungsmethoden<\/p>\n                    <\/div>\r\n\r\n                    <div class=\"faq__item__reponse\">\r\n                        <ul>\n<li>Bankscheck ausgestellt auf : SAS Parc de Fierbois<\/li>\n<li>ANCV-Ferienschecks, ANCV connect<\/li>\n<li>Fernzahlung per Kreditkarte, indem Sie den Campingplatz anrufen: 02 47 65 43 35.<\/li>\n<li>Sichere Zahlung per Kreditkarte auf der Website www.fierbois.com<\/li>\n<li>Bank\u00fcberweisung an SAS Parc de Fierbois:\n<ul>\n<li>RIB: 18707 00642 00121389563 18 \/ IBAN: FR76 1870 7006 4200 1213 8956318 \/ BIC: CCBPFRPPVER<br \/>\nDomizilierung: Banque Populaire Val de France, 2 avenue Victor Hugo, 37300 Jou\u00e9-l\u00e8s-Tours<\/li>\n<\/ul>\n<\/li>\n<\/ul>\n                    <\/div>\r\n                <\/div>\r\n\r\n            \r\n\r\n                <div class=\"faq__item\" data-cat=\"reservierung\" data-track=\"question-bieten-sie-eine-reiserucktrittsversicherung-an\">\r\n                    <div class=\"faq__item__question\">\r\n                        <p>Bieten Sie eine Reiser\u00fccktrittsversicherung an?<\/p>\n                    <\/div>\r\n\r\n                    <div class=\"faq__item__reponse\">\r\n                        <ul>\n<li>Wir schlagen Ihnen vor, die Reiser\u00fccktrittsversicherung <a href=\"https:\/\/gap.gritchen.fr\/minurl\/CQTJnZMg\/\" target=\"_blank\" rel=\"noreferrer noopener\">Campez couvert<\/a> <strong>ab Ihrer Buchung<\/strong> abzuschlie\u00dfen. Sie gilt f\u00fcr alle Personen, die auf dem Buchungsvertrag angegeben sind, danach ist es zu sp\u00e4t!<\/li>\n<li><strong>Ohne Versicherung werden die gezahlten Betr\u00e4ge vom Campingplatz einbehalten.<\/strong><\/li>\n<li>Die Kosten f\u00fcr die Reiser\u00fccktrittsversicherung betragen <strong>3 % des Reisepreises<\/strong>.<\/li>\n<\/ul>\n                    <\/div>\r\n                <\/div>\r\n\r\n            \r\n\r\n                <div class=\"faq__item\" data-cat=\"lage\" data-track=\"question-wo-befindet-sich-der-parc-de-fierbois\">\r\n                    <div class=\"faq__item__question\">\r\n                        <p>Wo befindet sich der Parc de Fierbois?<\/p>\n                    <\/div>\r\n\r\n                    <div class=\"faq__item__reponse\">\r\n                        <ul>\n<li>Im Departement Indre-et-Loire, 30 km s\u00fcdlich von Tours, im Herzen der Loire-Schl\u00f6sser.<\/li>\n<li>Anfahrt \u00fcber die Autobahn A 10 (Paris &#8211; Bordeaux) Ausfahrt Nr. 24 ,1 Sorigny, oder Ausfahrt Nr. 25 Ste Maure de Touraine.<\/li>\n<li>Anfahrt \u00fcber die D910 (Paris- Bordeaux), Sainte-Catherine de Fierbois<\/li>\n<\/ul>\n                    <\/div>\r\n                <\/div>\r\n\r\n            \r\n\r\n                <div class=\"faq__item\" data-cat=\"lage\" data-track=\"question-wie-lautet-die-genaue-adresse-von-parc-de-fierbois\">\r\n                    <div class=\"faq__item__question\">\r\n                        <p>Wie lautet die genaue Adresse von Parc de Fierbois?<\/p>\n                    <\/div>\r\n\r\n                    <div class=\"faq__item__reponse\">\r\n                        <ul>\n<li>Die genaue Adresse lautet: Parc de Fierbois 37800 Sainte-Catherine de Fierbois<\/li>\n<li>Unsere GPS-Koordinaten sind: N 47\u00b08\u2032 54\u2033 (47.1486) &#8211; W 0\u00b039\u203217\u2033 (0,6549)<\/li>\n<\/ul>\n                    <\/div>\r\n                <\/div>\r\n\r\n            \r\n\r\n                <div class=\"faq__item\" data-cat=\"lage\" data-track=\"question-wie-weit-ist-die-nachstgelegene-stadt-entfernt\">\r\n                    <div class=\"faq__item__question\">\r\n                        <p>Wie weit ist die n\u00e4chstgelegene Stadt entfernt?<\/p>\n                    <\/div>\r\n\r\n                    <div class=\"faq__item__reponse\">\r\n                        <p>Der Campingplatz liegt 7 km von Sainte-Maure de Touraine entfernt, wo Sie Geldautomaten, Banken, Superm\u00e4rkte, eine Tankstelle, eine Apotheke, \u00c4rzte, Garagen, etc. finden.<\/p>\n                    <\/div>\r\n                <\/div>\r\n\r\n            \r\n\r\n                <div class=\"faq__item\" data-cat=\"lage\" data-track=\"question-gibt-es-offentliche-verkehrsmittel-in-der-nahe\">\r\n                    <div class=\"faq__item__question\">\r\n                        <p>Gibt es \u00f6ffentliche Verkehrsmittel in der N\u00e4he?<\/p>\n                    <\/div>\r\n\r\n                    <div class=\"faq__item__reponse\">\r\n                        <ul>\n<li>Bus 2 km, Sainte-Catherine de Fierbois, RD 910 neben dem Buswarteh\u00e4uschen der Linie H , Touraine Fil Vert<\/li>\n<li>\u00d6ffnungszeiten an der Rezeption oder auf der Website: <a href=\"https:\/\/www.tourainefilvert.com\/\" target=\"_blank\" rel=\"noreferrer noopener\">www.tourainefilvert.com<\/a><\/li>\n<\/ul>\n                    <\/div>\r\n                <\/div>\r\n\r\n            \r\n    <\/section>\r\n\r\n","protected":false},"excerpt":{"rendered":"<p>H\u00e4ufig gestellte Fragen<\/p>\n","protected":false},"author":1,"featured_media":0,"parent":0,"menu_order":0,"comment_status":"open","ping_status":"open","template":"","meta":{"_acf_changed":false,"footnotes":""},"lieu":[],"acf":[],"_links":{"self":[{"href":"https:\/\/www.fierbois.com\/de\/wp-json\/wp\/v2\/pages\/3582"}],"collection":[{"href":"https:\/\/www.fierbois.com\/de\/wp-json\/wp\/v2\/pages"}],"about":[{"href":"https:\/\/www.fierbois.com\/de\/wp-json\/wp\/v2\/types\/page"}],"author":[{"embeddable":true,"href":"https:\/\/www.fierbois.com\/de\/wp-json\/wp\/v2\/users\/1"}],"replies":[{"embeddable":true,"href":"https:\/\/www.fierbois.com\/de\/wp-json\/wp\/v2\/comments?post=3582"}],"version-history":[{"count":3,"href":"https:\/\/www.fierbois.com\/de\/wp-json\/wp\/v2\/pages\/3582\/revisions"}],"predecessor-version":[{"id":5084,"href":"https:\/\/www.fierbois.com\/de\/wp-json\/wp\/v2\/pages\/3582\/revisions\/5084"}],"wp:attachment":[{"href":"https:\/\/www.fierbois.com\/de\/wp-json\/wp\/v2\/media?parent=3582"}],"wp:term":[{"taxonomy":"lieu","embeddable":true,"href":"https:\/\/www.fierbois.com\/de\/wp-json\/wp\/v2\/lieu?post=3582"}],"curies":[{"name":"wp","href":"https:\/\/api.w.org\/{rel}","templated":true}]}}